{"id":172893,"date":"2024-05-29T16:16:38","date_gmt":"2024-05-29T14:16:38","guid":{"rendered":"https:\/\/www.myes.school\/?page_id=172893"},"modified":"2024-05-29T16:31:03","modified_gmt":"2024-05-29T14:31:03","slug":"ouvrir-centre-formation-anglais","status":"publish","type":"page","link":"https:\/\/www.myes.school\/fr\/ouvrir-centre-formation-anglais\/","title":{"rendered":"Les d\u00e9marches pour ouvrir un centre de formation"},"content":{"rendered":"\t\t<div data-elementor-type=\"wp-page\" data-elementor-id=\"172893\" class=\"elementor elementor-172893\" data-elementor-post-type=\"page\">\n\t\t\t\t\t\t<section class=\"elementor-section elementor-top-section elementor-element elementor-element-53d843b elementor-section-boxed elementor-section-height-default elementor-section-height-default\" data-id=\"53d843b\" data-element_type=\"section\" data-settings=\"{&quot;jet_parallax_layout_list&quot;:[]}\">\n\t\t\t\t\t\t<div class=\"elementor-container elementor-column-gap-default\">\n\t\t\t\t\t<div class=\"elementor-column elementor-col-100 elementor-top-column elementor-element elementor-element-fc06b61\" data-id=\"fc06b61\" data-element_type=\"column\">\n\t\t\t<div class=\"elementor-widget-wrap elementor-element-populated\">\n\t\t\t\t\t\t<div class=\"elementor-element elementor-element-f18b65a elementor-widget elementor-widget-text-editor\" data-id=\"f18b65a\" data-element_type=\"widget\" data-widget_type=\"text-editor.default\">\n\t\t\t\t<div class=\"elementor-widget-container\">\n\t\t\t\t\t\t\t\t\t<h2 data-placeholder-blurred=\"R\u00e9digez un contenu\" data-placeholder-focused=\"Heading 1\">Comment devenir un organisme de formation ?<\/h2><p>Vous avez le projet d&#8217;ouvrir un centre de formation ? Le domaine de la formation est porteur et m\u00e8ne \u00e0 de nombreuses opportunit\u00e9s de croissance. La cr\u00e9ation d&#8217;un organisme de formation n\u00e9cessite cependant de nombreuses d\u00e9marches importantes, de l&#8217;\u00e9tude de march\u00e9 jusqu&#8217;\u00e0 la d\u00e9claration d&#8217;activit\u00e9.\u00a0<\/p><p>\u270d\ufe0f Dans l&#8217;article d&#8217;aujourd&#8217;hui nous allons aborder tous les points importants n\u00e9cessaires dans l&#8217;avanc\u00e9e de ce projet, les avantages et inconv\u00e9nients d&#8217;un centre de formation ind\u00e9pendant, et nous allons finir par les questions les plus courantes !<\/p><h3>La cr\u00e9ation d&#8217;un centre de formation \u00e9tape par \u00e9tape<\/h3><p>Une fois que vous avez bien d\u00e9fini votre projet et que vous savez quel type de centre de formation vous souhaitez cr\u00e9er ainsi que le domaine, voici les \u00e9tapes \u00e0 suivre :<\/p><h4>1- Etude de march\u00e9<\/h4><p>L&#8217;\u00e9tape suivante est <strong>l&#8217;\u00e9tude de march\u00e9<\/strong> et de la <strong>concurrence<\/strong>. Lorsque l&#8217;on lance un centre de formation dans un domaine particulier, il est important de bien \u00e9tudier sa concurrence au niveau <strong>national <\/strong>et <strong>local <\/strong>(dans votre ville, r\u00e9gion&#8230;)<\/p><p>Vous allez chercher \u00e0 :\u00a0<\/p>\t\t\t\t\t\t\t\t<\/div>\n\t\t\t\t<\/div>\n\t\t\t\t\t<\/div>\n\t\t<\/div>\n\t\t\t\t\t<\/div>\n\t\t<\/section>\n\t\t\t\t<section class=\"elementor-section elementor-top-section elementor-element elementor-element-4b0285d elementor-section-boxed elementor-section-height-default elementor-section-height-default\" data-id=\"4b0285d\" data-element_type=\"section\" data-settings=\"{&quot;jet_parallax_layout_list&quot;:[],&quot;background_background&quot;:&quot;classic&quot;}\">\n\t\t\t\t\t\t<div class=\"elementor-container elementor-column-gap-default\">\n\t\t\t\t\t<div class=\"elementor-column elementor-col-100 elementor-top-column elementor-element elementor-element-3359d31\" data-id=\"3359d31\" data-element_type=\"column\" data-settings=\"{&quot;background_background&quot;:&quot;classic&quot;}\">\n\t\t\t<div class=\"elementor-widget-wrap elementor-element-populated\">\n\t\t\t\t\t\t<div class=\"elementor-element elementor-element-66ac922 elementor-widget elementor-widget-text-editor\" data-id=\"66ac922\" data-element_type=\"widget\" data-widget_type=\"text-editor.default\">\n\t\t\t\t<div class=\"elementor-widget-container\">\n\t\t\t\t\t\t\t\t\t<p>\u2705 <strong>identifier votre public cible <\/strong>: leur \u00e2ge, leur sexe, leur cat\u00e9gorie socio-professionnelle<\/p><p>\u2705 <strong>conna\u00eetre les besoins et les attentes de votre public cible <\/strong>: pourquoi ont-ils besoin de suivre votre formation ? Quelles sont leurs attentes par rapport au contenu de la formation ?\u00a0<\/p><p>\u2705 <strong>d\u00e9terminer vos principaux concurrents<\/strong> : le domaine est-il concurrentiel ? Y a-t-il beaucoup de centres qui me font concurrence autour de moi ? Quelles sont leurs strat\u00e9gies ?<\/p><p>\u2705 <strong>\u00e9laborer une strat\u00e9gie<\/strong> pour vous d\u00e9marquer de la concurrence et faire conna\u00eetre votre centre de formation.<\/p>\t\t\t\t\t\t\t\t<\/div>\n\t\t\t\t<\/div>\n\t\t\t\t\t<\/div>\n\t\t<\/div>\n\t\t\t\t\t<\/div>\n\t\t<\/section>\n\t\t\t\t<section class=\"elementor-section elementor-top-section elementor-element elementor-element-a51f2e3 elementor-section-boxed elementor-section-height-default elementor-section-height-default\" data-id=\"a51f2e3\" data-element_type=\"section\" data-settings=\"{&quot;jet_parallax_layout_list&quot;:[]}\">\n\t\t\t\t\t\t<div class=\"elementor-container elementor-column-gap-default\">\n\t\t\t\t\t<div class=\"elementor-column elementor-col-100 elementor-top-column elementor-element elementor-element-0506680\" data-id=\"0506680\" data-element_type=\"column\">\n\t\t\t<div class=\"elementor-widget-wrap elementor-element-populated\">\n\t\t\t\t\t\t<div class=\"elementor-element elementor-element-486a271 elementor-widget elementor-widget-text-editor\" data-id=\"486a271\" data-element_type=\"widget\" data-widget_type=\"text-editor.default\">\n\t\t\t\t<div class=\"elementor-widget-container\">\n\t\t\t\t\t\t\t\t\t<p data-placeholder-blurred=\"R\u00e9digez un contenu\" data-placeholder-focused=\"R\u00e9digez un contenu ou saisissez \u00ab \/ \u00bb pour r\u00e9diger avec l'AI+ Content\">Cela vous permettra d&#8217;en apprendre plus sur votre audience cible et de savoir comment vous d\u00e9marquer, surtout si le domaine choisi est tr\u00e8s concurrentiel.<\/p><p>Voici une liste des <strong>formations les plus demand\u00e9es en 2024<\/strong> selon le site du Compte Personnel de Formation :\u00a0<\/p><p><strong>\u27a1\ufe0f Les formations en langue \u00e9trang\u00e8res\u00a0<\/strong>(anglais, allemand, italien, espagnol&#8230;)<\/p><p><strong>\u27a1\ufe0f Les formations en informatique et bureautique<\/strong> (Adobe, WordPress, SketchUp&#8230;)<\/p><p><strong>\u27a1\ufe0f Le permis de conduire<\/strong><\/p><p><span style=\"color: #3366ff;\"><a href=\"https:\/\/moncompte-personnel-formation.fr\/les-formations-les-plus-demandees-en-2024\/\" style=\"color: #3366ff;\">Source<\/a><\/span><\/p><h4>2- Cr\u00e9er son business model et \u00e9tablir sa strat\u00e9gie marketing<\/h4><p>Une fois que vous connaissez l&#8217;\u00e9tat du march\u00e9, votre cible et votre concurrence, vous pouvez passer \u00e0 l&#8217;\u00e9laboration d&#8217;un business plan : comment faire pour que mon centre de formation soit viable financi\u00e8rement ?<\/p><p>Une fois que vous avez clairement en t\u00eate le business model de votre organisme de formation, il est tant d&#8217;\u00e9tablir votre strat\u00e9gie marketing afin de le faire conna\u00eetre et d&#8217;attirer votre client\u00e8le cible. Cela passe par :\u00a0<\/p>\t\t\t\t\t\t\t\t<\/div>\n\t\t\t\t<\/div>\n\t\t\t\t\t<\/div>\n\t\t<\/div>\n\t\t\t\t\t<\/div>\n\t\t<\/section>\n\t\t\t\t<section class=\"elementor-section elementor-top-section elementor-element elementor-element-2f61aa8 elementor-section-boxed elementor-section-height-default elementor-section-height-default\" data-id=\"2f61aa8\" data-element_type=\"section\" data-settings=\"{&quot;jet_parallax_layout_list&quot;:[],&quot;background_background&quot;:&quot;classic&quot;}\">\n\t\t\t\t\t\t<div class=\"elementor-container elementor-column-gap-default\">\n\t\t\t\t\t<div class=\"elementor-column elementor-col-100 elementor-top-column elementor-element elementor-element-147b661\" data-id=\"147b661\" data-element_type=\"column\" data-settings=\"{&quot;background_background&quot;:&quot;classic&quot;}\">\n\t\t\t<div class=\"elementor-widget-wrap elementor-element-populated\">\n\t\t\t\t\t\t<div class=\"elementor-element elementor-element-c47d83f elementor-widget elementor-widget-text-editor\" data-id=\"c47d83f\" data-element_type=\"widget\" data-widget_type=\"text-editor.default\">\n\t\t\t\t<div class=\"elementor-widget-container\">\n\t\t\t\t\t\t\t\t\t<p>\u27a1\ufe0f La mise en place d&#8217;une <strong>campagne marketing <\/strong>d&#8217;ouverture (posters, flyers, publicit\u00e9s sur internet et sur les r\u00e9seaux sociaux&#8230;)<\/p><p>\u27a1\ufe0f La cr\u00e9ation d&#8217;un<strong> site web<\/strong> clair qui explique le fonctionnement de votre formation, les objectifs de la formation, le programme, les prix, la dur\u00e9e de la formation etc.<\/p><p>\u27a1\ufe0f L&#8217;\u00e9laboration d&#8217;une campagne de <strong>mailing <\/strong>: pour obtenir une premi\u00e8re liste de potentiels prospects, pourquoi pas proposer un cours gratuit ou un livre blanc ?<\/p><p>\u27a1\ufe0f Le contact avec des <strong>journaux <\/strong>ou des <strong>radios <\/strong>pour travailler sur la notori\u00e9t\u00e9 de votre centre<\/p>\t\t\t\t\t\t\t\t<\/div>\n\t\t\t\t<\/div>\n\t\t\t\t\t<\/div>\n\t\t<\/div>\n\t\t\t\t\t<\/div>\n\t\t<\/section>\n\t\t\t\t<section class=\"elementor-section elementor-top-section elementor-element elementor-element-f70b92f elementor-section-boxed elementor-section-height-default elementor-section-height-default\" data-id=\"f70b92f\" data-element_type=\"section\" data-settings=\"{&quot;jet_parallax_layout_list&quot;:[]}\">\n\t\t\t\t\t\t<div class=\"elementor-container elementor-column-gap-default\">\n\t\t\t\t\t<div class=\"elementor-column elementor-col-100 elementor-top-column elementor-element elementor-element-1885728\" data-id=\"1885728\" data-element_type=\"column\">\n\t\t\t<div class=\"elementor-widget-wrap elementor-element-populated\">\n\t\t\t\t\t\t<div class=\"elementor-element elementor-element-68336d0 elementor-widget elementor-widget-text-editor\" data-id=\"68336d0\" data-element_type=\"widget\" data-widget_type=\"text-editor.default\">\n\t\t\t\t<div class=\"elementor-widget-container\">\n\t\t\t\t\t\t\t\t\t<h4 data-placeholder-blurred=\"R\u00e9digez un contenu\" data-placeholder-focused=\"Heading 4\">3- Le choix du statut juridique<\/h4><p>Lors de la cr\u00e9ation d&#8217;entreprise, le choix du statut juridique est crucial et il est important de bien se renseigner en amont pour choisir le statut qui vous convient le mieux en fonction de votre <strong>projet<\/strong>.<\/p><p><strong>Entreprise Individuelle et micro entreprise<br \/><\/strong>Si votre projet est de vous lancer en tant que formateur ind\u00e9pendant, vous pouvez choisir le statut de\u00a0<strong>l&#8217;entreprise individuelle (EI)<\/strong> ou la\u00a0<strong>micro-entreprise<\/strong> qui sont des statuts simple \u00e0 g\u00e9rer avec assez peu de formalit\u00e9s.\u00a0<\/p><p>Il y a toutefois des plafonds de chiffre d&#8217;affaires \u00e0 ne pas d\u00e9passer : pour les activit\u00e9s de prestations de services, le plafond est de 77 700\u20ac par an.<\/p><p><strong>La cr\u00e9ation d&#8217;une soci\u00e9t\u00e9\u00a0<br \/><\/strong>Si vous avez comme projet de cr\u00e9er un centre de formation \u00e0 plusieurs, il est peut \u00eatre mieux de se pencher vers la cr\u00e9ation d&#8217;une <strong>soci\u00e9t\u00e9<\/strong>.\u00a0<\/p><p>Voici les principales caract\u00e9ristiques des diff\u00e9rents types de soci\u00e9t\u00e9s :<\/p><p>\u2705\u00a0<strong>SARL\u00a0<\/strong>(soci\u00e9t\u00e9 \u00e0 responsabilit\u00e9 limit\u00e9e)<\/p><p><u>Nombre d&#8217;associ\u00e9s<\/u> : de 2 \u00e0 100<\/p><p><u>Capital social<\/u> : libre<\/p><p><u>R\u00e9gime fiscal<\/u> : imp\u00f4t sur les soci\u00e9t\u00e9s (IS)<\/p><p><u>R\u00e9gime social du dirigeant<\/u> : r\u00e9gime des travailleurs non-salari\u00e9s pour les g\u00e9rants majoritaires, r\u00e9gime g\u00e9n\u00e9ral de la s\u00e9curit\u00e9 sociale pour les g\u00e9rants minoritaires ou \u00e9galitaires.<\/p><p>\u2705\u00a0<strong>EURL\u00a0<\/strong>(entreprise unipersonnelle \u00e0 responsabilit\u00e9 limit\u00e9e)<\/p><p><u>Nombre d&#8217;associ\u00e9s<\/u> : 1 seul associ\u00e9<\/p><p><u>Capital social<\/u> : libre<\/p><p><u>R\u00e9gime fiscal<\/u> : imp\u00f4t sur le revenu (IR) par d\u00e9faut, avec une possibilit\u00e9 d&#8217;opter pour l&#8217;imp\u00f4t sur les soci\u00e9t\u00e9s (IS)<\/p><p><u>R\u00e9gime social du dirigeant<\/u> : r\u00e9gime des travailleurs non-salari\u00e9s (TNS)<\/p><p><strong>\u2705 SAS\u00a0<\/strong>(soci\u00e9t\u00e9 par actions simplifi\u00e9e)<\/p><p><u>Nombre d&#8217;associ\u00e9s<\/u> : 1 seul minimum, pas de maximum<\/p><p><u>Capital social<\/u> : libre<\/p><p><u>R\u00e9gime fiscal<\/u> : imp\u00f4ts sur les soci\u00e9t\u00e9s (IS)<\/p><p><u>R\u00e9gime social du dirigeant<\/u> : r\u00e9gime g\u00e9n\u00e9ral de la s\u00e9curit\u00e9 sociale<\/p><p><strong>\u2705 SASU\u00a0<\/strong>(soci\u00e9t\u00e9 par actions simplifi\u00e9e unipersonnelle)<\/p><p><u>Nombre d&#8217;associ\u00e9s<\/u> : 1 seul associ\u00e9<\/p><p><u>Capital social<\/u> : libre<\/p><p><u>R\u00e9gime fiscal<\/u> : imp\u00f4t sur les soci\u00e9t\u00e9s (IS)<\/p><p><u>R\u00e9gime social du dirigeant<\/u> : r\u00e9gime g\u00e9n\u00e9ral de la s\u00e9curit\u00e9 sociale<\/p><h4>4- D\u00e9claration d&#8217;activit\u00e9 de formation<\/h4><p>Si votre centre de formation cible des salari\u00e9s ou des demandeurs d&#8217;emploi, et qu&#8217;elle fait partie de ces cat\u00e9gories :<\/p>\t\t\t\t\t\t\t\t<\/div>\n\t\t\t\t<\/div>\n\t\t\t\t\t<\/div>\n\t\t<\/div>\n\t\t\t\t\t<\/div>\n\t\t<\/section>\n\t\t\t\t<section class=\"elementor-section elementor-top-section elementor-element elementor-element-a182dfc elementor-section-boxed elementor-section-height-default elementor-section-height-default\" data-id=\"a182dfc\" data-element_type=\"section\" data-settings=\"{&quot;jet_parallax_layout_list&quot;:[],&quot;background_background&quot;:&quot;classic&quot;}\">\n\t\t\t\t\t\t<div class=\"elementor-container elementor-column-gap-default\">\n\t\t\t\t\t<div class=\"elementor-column elementor-col-100 elementor-top-column elementor-element elementor-element-ae7b53a\" data-id=\"ae7b53a\" data-element_type=\"column\" data-settings=\"{&quot;background_background&quot;:&quot;classic&quot;}\">\n\t\t\t<div class=\"elementor-widget-wrap elementor-element-populated\">\n\t\t\t\t\t\t<div class=\"elementor-element elementor-element-c9369d8 elementor-widget elementor-widget-text-editor\" data-id=\"c9369d8\" data-element_type=\"widget\" data-widget_type=\"text-editor.default\">\n\t\t\t\t<div class=\"elementor-widget-container\">\n\t\t\t\t\t\t\t\t\t<p>\u27a1\ufe0f Des actions de <strong>formations<\/strong><\/p><p>\u27a1\ufe0f Une <strong>VAE <\/strong>(validation des acquis de l&#8217;exp\u00e9rience)<\/p><p>\u27a1\ufe0f Des actions de <strong>formation par apprentissage<\/strong><\/p><p>\u27a1\ufe0f Des <strong>bilans de comp\u00e9tences<\/strong><\/p>\t\t\t\t\t\t\t\t<\/div>\n\t\t\t\t<\/div>\n\t\t\t\t\t<\/div>\n\t\t<\/div>\n\t\t\t\t\t<\/div>\n\t\t<\/section>\n\t\t\t\t<section class=\"elementor-section elementor-top-section elementor-element elementor-element-b07302d elementor-section-boxed elementor-section-height-default elementor-section-height-default\" data-id=\"b07302d\" data-element_type=\"section\" data-settings=\"{&quot;jet_parallax_layout_list&quot;:[]}\">\n\t\t\t\t\t\t<div class=\"elementor-container elementor-column-gap-default\">\n\t\t\t\t\t<div class=\"elementor-column elementor-col-100 elementor-top-column elementor-element elementor-element-009d174\" data-id=\"009d174\" data-element_type=\"column\">\n\t\t\t<div class=\"elementor-widget-wrap elementor-element-populated\">\n\t\t\t\t\t\t<div class=\"elementor-element elementor-element-f67e148 elementor-widget elementor-widget-text-editor\" data-id=\"f67e148\" data-element_type=\"widget\" data-widget_type=\"text-editor.default\">\n\t\t\t\t<div class=\"elementor-widget-container\">\n\t\t\t\t\t\t\t\t\t<p>Vous avez <strong>l&#8217;obligation <\/strong>de r\u00e9aliser une d\u00e9claration d&#8217;activit\u00e9 de formation dans les <strong>3 mois<\/strong> qui suivent la signature de votre premier contrat de formation. Pour cela, il faut d\u00e9clarer son activit\u00e9 aupr\u00e8s des directions r\u00e9gionales de l&#8217;\u00e9conomie, l&#8217;emploi, travail et des solidarit\u00e9s, \u00e9galement appel\u00e9e <strong>DREETS<\/strong>.<\/p><p>A l&#8217;issue de votre d\u00e9claration d&#8217;activit\u00e9, vous allez recevoir un num\u00e9ro d&#8217;enregistrement indispensable pour continuer \u00e0 exercer une activit\u00e9 de formation.<\/p><p>\ud83d\udc49 <strong>A savoir : <\/strong>si votre centre de formation est un centre en pr\u00e9sentiel dans des locaux, il faut qu&#8217;il soit conformes aux r\u00e8gles pour les \u00e9tablissements recevant du public (ERP).<\/p><h4>5- Documents n\u00e9cessaires pour d\u00e9clarer son activit\u00e9<\/h4><p>Pour bien d\u00e9clarer son activit\u00e9 de formation professionnelle, il vous faudra plusieurs pi\u00e8ces justificatives telles que :<\/p>\t\t\t\t\t\t\t\t<\/div>\n\t\t\t\t<\/div>\n\t\t\t\t\t<\/div>\n\t\t<\/div>\n\t\t\t\t\t<\/div>\n\t\t<\/section>\n\t\t\t\t<section class=\"elementor-section elementor-top-section elementor-element elementor-element-ab546e9 elementor-section-boxed elementor-section-height-default elementor-section-height-default\" data-id=\"ab546e9\" data-element_type=\"section\" data-settings=\"{&quot;jet_parallax_layout_list&quot;:[],&quot;background_background&quot;:&quot;classic&quot;}\">\n\t\t\t\t\t\t<div class=\"elementor-container elementor-column-gap-default\">\n\t\t\t\t\t<div class=\"elementor-column elementor-col-100 elementor-top-column elementor-element elementor-element-919faab\" data-id=\"919faab\" data-element_type=\"column\" data-settings=\"{&quot;background_background&quot;:&quot;classic&quot;}\">\n\t\t\t<div class=\"elementor-widget-wrap elementor-element-populated\">\n\t\t\t\t\t\t<div class=\"elementor-element elementor-element-971fd35 elementor-widget elementor-widget-text-editor\" data-id=\"971fd35\" data-element_type=\"widget\" data-widget_type=\"text-editor.default\">\n\t\t\t\t<div class=\"elementor-widget-container\">\n\t\t\t\t\t\t\t\t\t<p>\u2705 le document\u00a0 de la premi\u00e8re convention ou contrat de formation<\/p><p>\u2705 un extrait du casier judiciaire du dirigeant de l&#8217;organisme\u00a0\u00a0<\/p><p>\u2705 le document d&#8217;attribution du num\u00e9ro SIREN ou un extrait de K-bis de moins de 3 mois<\/p>\t\t\t\t\t\t\t\t<\/div>\n\t\t\t\t<\/div>\n\t\t\t\t\t<\/div>\n\t\t<\/div>\n\t\t\t\t\t<\/div>\n\t\t<\/section>\n\t\t\t\t<section class=\"elementor-section elementor-top-section elementor-element elementor-element-126171f elementor-section-boxed elementor-section-height-default elementor-section-height-default\" data-id=\"126171f\" data-element_type=\"section\" data-settings=\"{&quot;jet_parallax_layout_list&quot;:[]}\">\n\t\t\t\t\t\t<div class=\"elementor-container elementor-column-gap-default\">\n\t\t\t\t\t<div class=\"elementor-column elementor-col-100 elementor-top-column elementor-element elementor-element-da14696\" data-id=\"da14696\" data-element_type=\"column\">\n\t\t\t<div class=\"elementor-widget-wrap elementor-element-populated\">\n\t\t\t\t\t\t<div class=\"elementor-element elementor-element-75a0397 elementor-widget elementor-widget-text-editor\" data-id=\"75a0397\" data-element_type=\"widget\" data-widget_type=\"text-editor.default\">\n\t\t\t\t<div class=\"elementor-widget-container\">\n\t\t\t\t\t\t\t\t\t<h3 data-placeholder-blurred=\"R\u00e9digez un contenu\" data-placeholder-focused=\"Heading 3\">La certification Qualiopi<\/h3><p>Depuis le<strong> 1er janvier 2022<\/strong>, pour pouvoir b\u00e9n\u00e9ficier de fonds publics et mutualis\u00e9s, il est obligatoire pour les centres de formation d&#8217;obtenir la <strong>certification Qualiopi<\/strong>. Cette certification va attester de la qualit\u00e9 de vos formations, mais \u00e9galement rendre vos formations \u00e9ligibles au Compte Personnel de Formation (CPF).<\/p><p><strong>\ud83d\udc49<\/strong>\u00a0<strong>A savoir <\/strong>: pour b\u00e9n\u00e9ficier de fonds publics, il est \u00e9galement indispensable d&#8217;\u00eatre r\u00e9f\u00e9renc\u00e9 sur\u00a0<strong>Datadock<\/strong>.<\/p><h3>Ouvrir un centre de formation ind\u00e9pendant : avantages et inconv\u00e9nients<\/h3><p>Maintenant que vous connaissez toutes les \u00e9tapes essentielles pour cr\u00e9er votre centre de formation professionnelle, passons aux avantages et aux inconv\u00e9nients d&#8217;ouvrir un centre de formation ind\u00e9pendant :\u00a0\u00a0<\/p><p><strong>Les avantages \ud83e\udd29<\/strong><\/p><p><strong>\u27a1\ufe0f\u00a0<\/strong>Une libert\u00e9 totale dans la gestion de votre centre, la cr\u00e9ation des contenus et du programme p\u00e9dagogique, ainsi que dans la strat\u00e9gie marketing.<\/p><p>\u27a1\ufe0f La possibilit\u00e9 de cr\u00e9er et d\u00e9velopper votre propre marque de A \u00e0 Z : vous pouvez d\u00e9cider des couleurs, du logo, du design de votre site etc.<\/p><p>\u27a1\ufe0f Vous pouvez adapter rapidement votre offre de formation en fonction des besoins de votre cible, ce qui rend votre centre plus flexible aux changements du march\u00e9.<\/p><p><strong>Les inconv\u00e9nients \ud83d\ude30<\/strong><\/p><p>\u27a1\ufe0f L&#8217;\u00e9laboration d&#8217;un\u00a0<strong>catalogue de formation<\/strong> prend beaucoup de temps, et il faut avoir une connaissance compl\u00e8te sur non seulement la gestion de l&#8217;entreprise mais \u00e9galement le\u00a0<strong>domaine de votre formation professionnelle<\/strong>.\u00a0<\/p><p>\u27a1\ufe0f Il est souvent long de se cr\u00e9er une notori\u00e9t\u00e9 pour attirer et fid\u00e9liser ensuite la client\u00e8le, et cela peut repr\u00e9senter un budget marketing important (publicit\u00e9s sur internet, panneaux ou flyers dans la rue etc.)<\/p><p>\u27a1\ufe0f En tant que formation ind\u00e9pendante, monter la structure demande un grand investissement, que ce soit financier ou de temps, pour \u00e9tablir votre organisme de z\u00e9ro.<\/p><h3>Ouvrir son centre de formation en franchise<\/h3><p>Vous souhaitez ouvrir votre centre de formation mais :\u00a0<\/p><p>\u274c Les longues d\u00e9marches vous font peur<\/p><p>\u274c Vous n&#8217;avez pas beaucoup d&#8217;exp\u00e9rience dans le domaine de la formation<\/p><p>\u274c Vous ne savez pas par o\u00f9 commencer<\/p><p>La franchise peut \u00eatre la solution ! Dans un march\u00e9 de plus en plus concurrentiel, b\u00e9n\u00e9ficier de la force d&#8217;un r\u00e9seau de franchise peut vous aider \u00e0 aller\u00a0<strong>plus vite, et plus loin<\/strong>.<\/p><p>Int\u00e9ress\u00e9.e par le domaine de la formation d&#8217;anglais ?\u00a0Ouvrez d\u00e8s maintenant votre centre de formation en franchise <span style=\"color: #3366ff;\"><a href=\"https:\/\/www.myes.school\/fr\/\" style=\"color: #3366ff;\">My English School<\/a><\/span> !\u00a0<\/p>\t\t\t\t\t\t\t\t<\/div>\n\t\t\t\t<\/div>\n\t\t\t\t\t<\/div>\n\t\t<\/div>\n\t\t\t\t\t<\/div>\n\t\t<\/section>\n\t\t\t\t<section class=\"elementor-section elementor-top-section elementor-element elementor-element-78582c1 elementor-section-boxed elementor-section-height-default elementor-section-height-default\" data-id=\"78582c1\" data-element_type=\"section\" data-settings=\"{&quot;jet_parallax_layout_list&quot;:[],&quot;background_background&quot;:&quot;classic&quot;}\">\n\t\t\t\t\t\t<div class=\"elementor-container elementor-column-gap-default\">\n\t\t\t\t\t<div class=\"elementor-column elementor-col-100 elementor-top-column elementor-element elementor-element-6b6a37c\" data-id=\"6b6a37c\" data-element_type=\"column\" data-settings=\"{&quot;background_background&quot;:&quot;classic&quot;}\">\n\t\t\t<div class=\"elementor-widget-wrap elementor-element-populated\">\n\t\t\t\t\t\t<div class=\"elementor-element elementor-element-9e9fbd1 elementor-widget elementor-widget-text-editor\" data-id=\"9e9fbd1\" data-element_type=\"widget\" data-widget_type=\"text-editor.default\">\n\t\t\t\t<div class=\"elementor-widget-container\">\n\t\t\t\t\t\t\t\t\t<p>Ce que nous offrons :<\/p><p>\u2705 Des <strong>formations d&#8217;anglais<\/strong> <strong>sur-mesure<\/strong> adapt\u00e9es aux besoins et profils de chaque apprenant<\/p><p>\u2705 Une <strong>m\u00e9thode innovante<\/strong> bas\u00e9e sur la pratique orale de l&#8217;anglais<\/p><p>\u2705 Un suivi personnalis\u00e9 pour chaque apprenant afin de garantir l&#8217;atteinte de leurs objectifs<\/p><p>\u2705 Des formations test\u00e9es et approuv\u00e9es par nos apprenants qui nous donnent une note de <strong>4.9\/5 sur Trustpilot<\/strong> \ud83e\udd29<\/p>\t\t\t\t\t\t\t\t<\/div>\n\t\t\t\t<\/div>\n\t\t\t\t\t<\/div>\n\t\t<\/div>\n\t\t\t\t\t<\/div>\n\t\t<\/section>\n\t\t\t\t<section class=\"elementor-section elementor-top-section elementor-element elementor-element-39f92af elementor-section-boxed elementor-section-height-default elementor-section-height-default\" data-id=\"39f92af\" data-element_type=\"section\" data-settings=\"{&quot;jet_parallax_layout_list&quot;:[]}\">\n\t\t\t\t\t\t<div class=\"elementor-container elementor-column-gap-default\">\n\t\t\t\t\t<div class=\"elementor-column elementor-col-100 elementor-top-column elementor-element elementor-element-a8344b8\" data-id=\"a8344b8\" data-element_type=\"column\">\n\t\t\t<div class=\"elementor-widget-wrap elementor-element-populated\">\n\t\t\t\t\t\t<div class=\"elementor-element elementor-element-3acc115 elementor-widget elementor-widget-text-editor\" data-id=\"3acc115\" data-element_type=\"widget\" data-widget_type=\"text-editor.default\">\n\t\t\t\t<div class=\"elementor-widget-container\">\n\t\t\t\t\t\t\t\t\t<p data-placeholder-blurred=\"R\u00e9digez un contenu\" data-placeholder-focused=\"R\u00e9digez un contenu ou saisissez \u00ab \/ \u00bb pour r\u00e9diger avec l'AI+ Content\">Pourquoi devenir franchis\u00e9 chez My English School ?<\/p><p>\u27a1\ufe0f Vous pouvez g\u00e9rer vos propres centres My English School dans une zone g\u00e9ographique pr\u00e9cise<\/p><p>\u27a1\ufe0f Vous avez acc\u00e8s \u00e0 notre m\u00e9thode et tous les contenus p\u00e9dagogiques<\/p><p>\u27a1\ufe0f Vous b\u00e9n\u00e9ficiez d&#8217;une forte notori\u00e9t\u00e9 et d&#8217;une image de marque d\u00e9j\u00e0 pr\u00e9sente sur le march\u00e9 fran\u00e7ais, italien et espagnol !<\/p><p>\u27a1\ufe0f Nous vous accompagnons du d\u00e9but \u00e0 la fin du projet avec des formations et un soutien en continu<\/p><p>Pour plus d&#8217;informations sur <span style=\"color: #3366ff;\"><a href=\"https:\/\/www.myes.school\/fr\/franchise-myes\/\" style=\"color: #3366ff;\">nos franchises<\/a><\/span> et les <span style=\"color: #3366ff;\"><a href=\"https:\/\/www.myes.school\/fr\/magazine\/conseils\/professionnel\/reconversion-en-franchise\/\" style=\"color: #3366ff;\">avantages de la reconversion en franchise<\/a><\/span>, n&#8217;h\u00e9sitez pas \u00e0 visiter le reste de notre site !<\/p><p>Nos franchis\u00e9s t\u00e9moignent de leur exp\u00e9rience avec le r\u00e9seau My English School :\u00a0<\/p><p><span style=\"color: #3366ff;\"><a href=\"https:\/\/www.myes.school\/fr\/magazine\/conseils\/formation-anglais\/franchise-myes-paul\/\" style=\"color: #3366ff;\">Paul Fontaine, franchis\u00e9 de MyES M\u00e9rignac<\/a><\/span><\/p><p><span style=\"color: #3366ff;\"><a href=\"https:\/\/www.myes.school\/fr\/magazine\/conseils\/formation-anglais\/franchise-myes-amelie-lecuelle\/\" style=\"color: #3366ff;\">Am\u00e9lie Lecuelle, franchis\u00e9e de MyES Lyon 9<\/a><\/span><\/p><h2>\ud83d\udc49 Les questions les plus courantes\u00a0<\/h2><p>Pour finir, voici les questions les plus courantes qui nous sont pos\u00e9es en lien avec la cr\u00e9ation d&#8217;un centre de formation !<\/p><h3>Comment obtenir un agr\u00e9ment pour un centre de formation ?<\/h3><p>Pour obtenir un agr\u00e9ment pour votre centre de formation, il faudra :\u00a0<\/p><p>\u27a1\ufe0f Cr\u00e9er une entit\u00e9 juridique (micro-entreprise, entreprise individuelle ou soci\u00e9t\u00e9)<\/p><p>\u27a1\ufe0f Signer un premier contrat de formation avec un client (entreprise ou particulier)<\/p><p>\u27a1\ufe0f D\u00e9poser une d\u00e9claration d&#8217;activit\u00e9 dans les 3 mois suivant la signature du contrat<\/p><p>\u27a1\ufe0f Fournir un extrait K-bis, le contrat de formation, le programme de formation d\u00e9taill\u00e9, la liste de formateurs et de leurs CV, ainsi qu&#8217;un extrait du casier judiciaire du dirigeant de l&#8217;entreprise.<\/p><h3>Quel est le budget pour cr\u00e9er un centre de formation ?<\/h3><p>Le budget pour cr\u00e9er un centre de formation en partant de z\u00e9ro peut varier en fonction de la r\u00e9gion, la taille du centre, si vous proposez des formations en pr\u00e9sentiel ou en ligne, et vous co\u00fbts li\u00e9s au marketing.\u00a0<\/p><h3>Qui peut ouvrir un organisme de formation ?<\/h3><p>Toute personne qui n&#8217;ont pas de condamnations incompatibles avec l&#8217;activit\u00e9 de la formation peut ouvrir un centre de formation !\u00a0<\/p><p>Cependant, si vous n&#8217;avez que peu de connaissances dans le domaine de la formation ou dans la gestion d&#8217;entreprise, il est peut \u00eatre mieux de se pencher vers la franchise pour pouvoir b\u00e9n\u00e9ficier de l&#8217;aide et de l&#8217;exp\u00e9rience du master franchiseur.\u00a0<\/p>\t\t\t\t\t\t\t\t<\/div>\n\t\t\t\t<\/div>\n\t\t\t\t\t<\/div>\n\t\t<\/div>\n\t\t\t\t\t<\/div>\n\t\t<\/section>\n\t\t\t\t<\/div>\n\t\t","protected":false},"excerpt":{"rendered":"<p>Comment devenir un organisme de formation ? Vous avez le projet d&#8217;ouvrir un centre de formation ? Le domaine de la formation est porteur et m\u00e8ne \u00e0 de nombreuses opportunit\u00e9s de croissance. La cr\u00e9ation d&#8217;un organisme de formation n\u00e9cessite cependant de nombreuses d\u00e9marches importantes, de l&#8217;\u00e9tude de march\u00e9 jusqu&#8217;\u00e0 la d\u00e9claration d&#8217;activit\u00e9.\u00a0 \u270d\ufe0f Dans l&#8217;article [&hellip;]<\/p>\n","protected":false},"author":27,"featured_media":0,"parent":0,"menu_order":0,"comment_status":"closed","ping_status":"closed","template":"","meta":{"_acf_changed":false,"footnotes":""},"class_list":["post-172893","page","type-page","status-publish","hentry"],"acf":[],"yoast_head":"<!-- This site is optimized with the Yoast SEO Premium plugin v26.4 (Yoast SEO v26.4) - https:\/\/yoast.com\/wordpress\/plugins\/seo\/ -->\n<title>Les d\u00e9marches \u00e0 suivre pour ouvrir un centre de formation<\/title>\n<meta name=\"description\" content=\"Vous souhaitez ouvrir votre propre centre de formation ? D\u00e9couvrez toutes les d\u00e9marches \u00e0 suivre pour r\u00e9ussir la cr\u00e9ation de votre organisme de formation.\" \/>\n<meta name=\"robots\" content=\"index, follow, max-snippet:-1, max-image-preview:large, max-video-preview:-1\" \/>\n<meta property=\"og:locale\" content=\"fr_FR\" \/>\n<meta property=\"og:type\" content=\"article\" \/>\n<meta property=\"og:title\" content=\"Les d\u00e9marches pour ouvrir un centre de formation\" \/>\n<meta property=\"og:description\" content=\"Vous souhaitez ouvrir votre propre centre de formation ? D\u00e9couvrez toutes les d\u00e9marches \u00e0 suivre pour r\u00e9ussir la cr\u00e9ation de votre organisme de formation.\" \/>\n<meta property=\"og:url\" content=\"https:\/\/www.myes.school\/fr\/ouvrir-centre-formation-anglais\/\" \/>\n<meta property=\"og:site_name\" content=\"My English School\u2122\" \/>\n<meta property=\"article:publisher\" content=\"https:\/\/www.facebook.com\/MyEnglishSchool\" \/>\n<meta property=\"article:modified_time\" content=\"2024-05-29T14:31:03+00:00\" \/>\n<meta name=\"twitter:card\" content=\"summary_large_image\" \/>\n<meta name=\"twitter:label1\" content=\"Dur\u00e9e de lecture estim\u00e9e\" \/>\n\t<meta name=\"twitter:data1\" content=\"10 minutes\" \/>\n<script type=\"application\/ld+json\" class=\"yoast-schema-graph\">{\"@context\":\"https:\/\/schema.org\",\"@graph\":[{\"@type\":\"WebPage\",\"@id\":\"https:\/\/www.myes.school\/fr\/ouvrir-centre-formation-anglais\/\",\"url\":\"https:\/\/www.myes.school\/fr\/ouvrir-centre-formation-anglais\/\",\"name\":\"Les d\u00e9marches \u00e0 suivre pour ouvrir un centre de formation\",\"isPartOf\":{\"@id\":\"https:\/\/www.myes.school\/fr\/#website\"},\"datePublished\":\"2024-05-29T14:16:38+00:00\",\"dateModified\":\"2024-05-29T14:31:03+00:00\",\"description\":\"Vous souhaitez ouvrir votre propre centre de formation ? D\u00e9couvrez toutes les d\u00e9marches \u00e0 suivre pour r\u00e9ussir la cr\u00e9ation de votre organisme de formation.\",\"breadcrumb\":{\"@id\":\"https:\/\/www.myes.school\/fr\/ouvrir-centre-formation-anglais\/#breadcrumb\"},\"inLanguage\":\"fr-FR\",\"potentialAction\":[{\"@type\":\"ReadAction\",\"target\":[\"https:\/\/www.myes.school\/fr\/ouvrir-centre-formation-anglais\/\"]}]},{\"@type\":\"BreadcrumbList\",\"@id\":\"https:\/\/www.myes.school\/fr\/ouvrir-centre-formation-anglais\/#breadcrumb\",\"itemListElement\":[{\"@type\":\"ListItem\",\"position\":1,\"name\":\"Home\",\"item\":\"https:\/\/www.myes.school\/fr\/\"},{\"@type\":\"ListItem\",\"position\":2,\"name\":\"Les d\u00e9marches pour ouvrir un centre de formation\"}]},{\"@type\":\"WebSite\",\"@id\":\"https:\/\/www.myes.school\/fr\/#website\",\"url\":\"https:\/\/www.myes.school\/fr\/\",\"name\":\"My English School\u2122\",\"description\":\"\",\"publisher\":{\"@id\":\"https:\/\/www.myes.school\/fr\/#organization\"},\"potentialAction\":[{\"@type\":\"SearchAction\",\"target\":{\"@type\":\"EntryPoint\",\"urlTemplate\":\"https:\/\/www.myes.school\/fr\/?s={search_term_string}\"},\"query-input\":{\"@type\":\"PropertyValueSpecification\",\"valueRequired\":true,\"valueName\":\"search_term_string\"}}],\"inLanguage\":\"fr-FR\"},{\"@type\":\"Organization\",\"@id\":\"https:\/\/www.myes.school\/fr\/#organization\",\"name\":\"My English School\u2122\",\"url\":\"https:\/\/www.myes.school\/fr\/\",\"logo\":{\"@type\":\"ImageObject\",\"inLanguage\":\"fr-FR\",\"@id\":\"https:\/\/www.myes.school\/fr\/#\/schema\/logo\/image\/\",\"url\":\"https:\/\/www.myes.school\/wp-content\/uploads\/2023\/12\/Logo-MyES-Square.png\",\"contentUrl\":\"https:\/\/www.myes.school\/wp-content\/uploads\/2023\/12\/Logo-MyES-Square.png\",\"width\":1080,\"height\":1080,\"caption\":\"My English School\u2122\"},\"image\":{\"@id\":\"https:\/\/www.myes.school\/fr\/#\/schema\/logo\/image\/\"},\"sameAs\":[\"https:\/\/www.facebook.com\/MyEnglishSchool\"]}]}<\/script>\n<!-- \/ Yoast SEO Premium plugin. -->","yoast_head_json":{"title":"Les d\u00e9marches \u00e0 suivre pour ouvrir un centre de formation","description":"Vous souhaitez ouvrir votre propre centre de formation ? D\u00e9couvrez toutes les d\u00e9marches \u00e0 suivre pour r\u00e9ussir la cr\u00e9ation de votre organisme de formation.","robots":{"index":"index","follow":"follow","max-snippet":"max-snippet:-1","max-image-preview":"max-image-preview:large","max-video-preview":"max-video-preview:-1"},"og_locale":"fr_FR","og_type":"article","og_title":"Les d\u00e9marches pour ouvrir un centre de formation","og_description":"Vous souhaitez ouvrir votre propre centre de formation ? D\u00e9couvrez toutes les d\u00e9marches \u00e0 suivre pour r\u00e9ussir la cr\u00e9ation de votre organisme de formation.","og_url":"https:\/\/www.myes.school\/fr\/ouvrir-centre-formation-anglais\/","og_site_name":"My English School\u2122","article_publisher":"https:\/\/www.facebook.com\/MyEnglishSchool","article_modified_time":"2024-05-29T14:31:03+00:00","twitter_card":"summary_large_image","twitter_misc":{"Dur\u00e9e de lecture estim\u00e9e":"10 minutes"},"schema":{"@context":"https:\/\/schema.org","@graph":[{"@type":"WebPage","@id":"https:\/\/www.myes.school\/fr\/ouvrir-centre-formation-anglais\/","url":"https:\/\/www.myes.school\/fr\/ouvrir-centre-formation-anglais\/","name":"Les d\u00e9marches \u00e0 suivre pour ouvrir un centre de formation","isPartOf":{"@id":"https:\/\/www.myes.school\/fr\/#website"},"datePublished":"2024-05-29T14:16:38+00:00","dateModified":"2024-05-29T14:31:03+00:00","description":"Vous souhaitez ouvrir votre propre centre de formation ? D\u00e9couvrez toutes les d\u00e9marches \u00e0 suivre pour r\u00e9ussir la cr\u00e9ation de votre organisme de formation.","breadcrumb":{"@id":"https:\/\/www.myes.school\/fr\/ouvrir-centre-formation-anglais\/#breadcrumb"},"inLanguage":"fr-FR","potentialAction":[{"@type":"ReadAction","target":["https:\/\/www.myes.school\/fr\/ouvrir-centre-formation-anglais\/"]}]},{"@type":"BreadcrumbList","@id":"https:\/\/www.myes.school\/fr\/ouvrir-centre-formation-anglais\/#breadcrumb","itemListElement":[{"@type":"ListItem","position":1,"name":"Home","item":"https:\/\/www.myes.school\/fr\/"},{"@type":"ListItem","position":2,"name":"Les d\u00e9marches pour ouvrir un centre de formation"}]},{"@type":"WebSite","@id":"https:\/\/www.myes.school\/fr\/#website","url":"https:\/\/www.myes.school\/fr\/","name":"My English School\u2122","description":"","publisher":{"@id":"https:\/\/www.myes.school\/fr\/#organization"},"potentialAction":[{"@type":"SearchAction","target":{"@type":"EntryPoint","urlTemplate":"https:\/\/www.myes.school\/fr\/?s={search_term_string}"},"query-input":{"@type":"PropertyValueSpecification","valueRequired":true,"valueName":"search_term_string"}}],"inLanguage":"fr-FR"},{"@type":"Organization","@id":"https:\/\/www.myes.school\/fr\/#organization","name":"My English School\u2122","url":"https:\/\/www.myes.school\/fr\/","logo":{"@type":"ImageObject","inLanguage":"fr-FR","@id":"https:\/\/www.myes.school\/fr\/#\/schema\/logo\/image\/","url":"https:\/\/www.myes.school\/wp-content\/uploads\/2023\/12\/Logo-MyES-Square.png","contentUrl":"https:\/\/www.myes.school\/wp-content\/uploads\/2023\/12\/Logo-MyES-Square.png","width":1080,"height":1080,"caption":"My English School\u2122"},"image":{"@id":"https:\/\/www.myes.school\/fr\/#\/schema\/logo\/image\/"},"sameAs":["https:\/\/www.facebook.com\/MyEnglishSchool"]}]}},"_links":{"self":[{"href":"https:\/\/www.myes.school\/fr\/wp-json\/wp\/v2\/pages\/172893","targetHints":{"allow":["GET"]}}],"collection":[{"href":"https:\/\/www.myes.school\/fr\/wp-json\/wp\/v2\/pages"}],"about":[{"href":"https:\/\/www.myes.school\/fr\/wp-json\/wp\/v2\/types\/page"}],"author":[{"embeddable":true,"href":"https:\/\/www.myes.school\/fr\/wp-json\/wp\/v2\/users\/27"}],"replies":[{"embeddable":true,"href":"https:\/\/www.myes.school\/fr\/wp-json\/wp\/v2\/comments?post=172893"}],"version-history":[{"count":7,"href":"https:\/\/www.myes.school\/fr\/wp-json\/wp\/v2\/pages\/172893\/revisions"}],"predecessor-version":[{"id":172918,"href":"https:\/\/www.myes.school\/fr\/wp-json\/wp\/v2\/pages\/172893\/revisions\/172918"}],"wp:attachment":[{"href":"https:\/\/www.myes.school\/fr\/wp-json\/wp\/v2\/media?parent=172893"}],"curies":[{"name":"wp","href":"https:\/\/api.w.org\/{rel}","templated":true}]}}